{"id":3089,"date":"2022-02-04T19:08:42","date_gmt":"2022-02-04T18:08:42","guid":{"rendered":"http:\/\/www.pension-gasthaus-doering.de\/new\/?page_id=3089"},"modified":"2025-05-29T13:21:13","modified_gmt":"2025-05-29T11:21:13","slug":"bungalow","status":"publish","type":"page","link":"http:\/\/www.pension-gasthaus-doering.de\/new\/home\/bungalow\/","title":{"rendered":"Bungalow"},"content":{"rendered":"[vc_row row_type=&#8220;row&#8220; use_row_as_full_screen_section=&#8220;no&#8220; type=&#8220;full_width&#8220; angled_section=&#8220;no&#8220; text_align=&#8220;left&#8220; background_image_as_pattern=&#8220;without_pattern&#8220; css_animation=&#8220;&#8220; z_index=&#8220;&#8220; css=&#8220;.vc_custom_1748517560395{background-color: #f0f0f0 !important;}&#8220;][vc_column][vc_gallery interval=&#8220;3&#8243; images=&#8220;3100,3101,3102&#8243; img_size=&#8220;full&#8220; onclick=&#8220;&#8220; direction_nav=&#8220;no&#8220; control_nav=&#8220;no&#8220; pause_on_hover=&#8220;yes&#8220;][\/vc_column][\/vc_row][vc_row row_type=&#8220;row&#8220; use_row_as_full_screen_section=&#8220;no&#8220; type=&#8220;grid&#8220; angled_section=&#8220;no&#8220; text_align=&#8220;left&#8220; background_image_as_pattern=&#8220;without_pattern&#8220; css_animation=&#8220;&#8220; z_index=&#8220;&#8220; css=&#8220;.vc_custom_1748517385792{background-color: #f0f0f0 !important;}&#8220;][vc_column width=&#8220;1\/3&#8243; css=&#8220;.vc_custom_1644367227005{padding-right: 25px !important;}&#8220;][vc_empty_space height=&#8220;40px&#8220;][vc_column_text]\n<div class=\"ce_text block\">\n<h1 style=\"text-align: left;\">Unser Bungalow<\/h1>\n<h3 style=\"text-align: left;\">\u2013\u00a0Das Ferienh\u00e4uschen am Wald<\/h3>\n<\/div>\n[\/vc_column_text][vc_empty_space height=&#8220;20px&#8220;][vc_column_text]\n<p style=\"text-align: left;\">Liebe G\u00e4ste,<\/p>\n<p>&nbsp;<\/p>\n<p style=\"text-align: left;\">der kleine Bungalow befindet sich am Rand der Gemeinde Pretschen. Er liegt am Waldrand und das Grundst\u00fcck grenzt direkt an die Pretschener Spree.<\/p>\n<p>&nbsp;<\/p>\n<p>Der Bungalow ist vollst\u00e4ndig m\u00f6bliert und hat eine Wohnfl\u00e4che von ca. 30 qm, diese ist aufgeteilt in einen Wohnbereich,\u00a0einen kleinen Schlafbereich, ein gro\u00dfes Badezimmer mit Dusche und WC und eine kleine K\u00fcche.[\/vc_column_text][vc_empty_space height=&#8220;12px&#8220;][\/vc_column][vc_column width=&#8220;2\/3&#8243;]<div id=\"\" class=\"video-player-for-wpbakery \">\n    <div class=\"video-player-for-wpbakery-container\">\n        <video\n            width=\"\"\n            height=\"\"\n            controls            autoplay            loop            muted                        preload=\"metadata\"                        crossorigin=\"anonymous\"\n            disablepictureinpicture=\"false\">\n            <source src=\"http:\/\/www.pension-gasthaus-doering.de\/new\/wp-content\/uploads\/2022\/02\/Bungalow_2021_web.mp4\" type=\"video\/mp4\">\n            Your browser does not support the video tag.        <\/video>\n    <\/div>\n<\/div>\n[vc_column_text el_class=&#8220;sub&#8220;]\n<p style=\"text-align: right;\">Musik: <a href=\"https:\/\/pixabay.com\/de\/music\/search\/genre\/optimistisch\/?mood=hell&amp;theme=musik%20f\u00fcr%20videos\">pixabay<\/a><\/p>\n[\/vc_column_text][\/vc_column][\/vc_row][vc_row row_type=&#8220;row&#8220; use_row_as_full_screen_section=&#8220;no&#8220; type=&#8220;grid&#8220; angled_section=&#8220;no&#8220; text_align=&#8220;left&#8220; background_image_as_pattern=&#8220;without_pattern&#8220; css_animation=&#8220;&#8220; z_index=&#8220;&#8220; css=&#8220;.vc_custom_1748517499279{padding-right: 30px !important;padding-left: 30px !important;background-color: #f0f0f0 !important;}&#8220;][vc_column css=&#8220;.vc_custom_1579908293341{border-right-width: 10px !important;}&#8220;][vc_column_text]\n<h3 style=\"text-align: center;\">Gr\u00f6\u00dfe und Ausstattung<\/h3>\n[\/vc_column_text][vc_separator type=&#8220;small&#8220; position=&#8220;center&#8220; color=&#8220;#9bb237&#8243; up=&#8220;10&#8243; down=&#8220;25&#8243;][\/vc_column][\/vc_row][vc_row row_type=&#8220;row&#8220; use_row_as_full_screen_section=&#8220;no&#8220; type=&#8220;grid&#8220; angled_section=&#8220;no&#8220; text_align=&#8220;left&#8220; background_image_as_pattern=&#8220;without_pattern&#8220; css_animation=&#8220;&#8220; z_index=&#8220;&#8220; css=&#8220;.vc_custom_1644364895328{padding-right: 30px !important;padding-left: 30px !important;background-color: #f0f0f0 !important;}&#8220;][vc_column width=&#8220;1\/2&#8243; css=&#8220;.vc_custom_1579908293341{border-right-width: 10px !important;}&#8220;][vc_column_text]\n<div class=\"ce_text block\">\n<p>Direkt vor dem Ferienhaus grenzt eine Terrasse mit ca. 16qm an, die ebenfalls mit Terrassenm\u00f6beln ausgestattet ist. Das dazugeh\u00f6rige Grundst\u00fcck mit Rasenfl\u00e4che und von B\u00e4umen \u00fcberschatteten Bereichen ist ca. 700 qm gro\u00df und hat einen direkten Zugang zum Wasser.<\/p>\n<p>&nbsp;<\/p>\n<p>Die K\u00fcche ist mit zwei elektrischen Kochfeldern, K\u00fchlschrank, Kaffeemaschine und einem Wasserkocher ausgestattet. Im Wohnbereich finden Sie einen Fernseher vor einem \u00a0gem\u00fctlichen Sofa mit Sessel und Couchtisch. Das Sofa kann als zus\u00e4tzliche Schlafgelegenheit genutzt werden. Im angrenzenden Schlafbereich steht ein Bett mit ca. 160&#215;200 cm. Alle R\u00e4ume wurden 2021 frisch renoviert und neu ausgestattet.<\/p>\n<\/div>\n<p>ImBungalow ist kein WLAN, genie\u00dfen Sie stattdessen die v\u00f6llige Ruhe und Abgeschiedenheit zum entspannen.[\/vc_column_text][\/vc_column][vc_column width=&#8220;1\/2&#8243;][vc_empty_space height=&#8220;35px&#8220;][vc_gallery interval=&#8220;3&#8243; images=&#8220;3120,3114,3113,3116,3124,3117,3118&#8243; img_size=&#8220;full&#8220;][\/vc_column][\/vc_row][vc_row row_type=&#8220;row&#8220; use_row_as_full_screen_section=&#8220;no&#8220; type=&#8220;grid&#8220; angled_section=&#8220;no&#8220; text_align=&#8220;left&#8220; background_image_as_pattern=&#8220;without_pattern&#8220; css_animation=&#8220;&#8220; z_index=&#8220;&#8220; css=&#8220;.vc_custom_1644366641111{background-color: #f0f0f0 !important;}&#8220;][vc_column width=&#8220;1\/4&#8243;][vc_raw_html]JTNDJTIxLS0t[\/vc_raw_html][vc_empty_space height=&#8220;10px&#8220;][vc_single_image image=&#8220;2492&#8243; img_size=&#8220;large&#8220; qode_css_animation=&#8220;&#8220;][vc_empty_space height=&#8220;22px&#8220;][\/vc_column][vc_column width=&#8220;1\/2&#8243;][vc_column_text]\n<div class=\"ce_text block\">\n<p style=\"text-align: left;\">Bitte beachten Sie, dass der Bungalow nicht \u00fcber WLAN verf\u00fcgt und im Ort auch nur eingeschr\u00e4nkter Handy-Empfang gegeben ist. <strong>Genie\u00dfen Sie stattdessen die v\u00f6llige Ruhe und Abgeschiedenheit zum entspannen.<\/strong><\/p>\n<\/div>\n<p>&nbsp;<\/p>\n<p>Im Ort Pretschen befinden sich einige Einkaufsm\u00f6glichkeiten, wie der Laden der\u00a0Landb\u00e4ckerei Schulze und der Hofladen der Landgut GmbH, dort k\u00f6nnen auch Waren des t\u00e4glichen Bedarfs erworben werden. Au\u00dferdem freuen wir uns nat\u00fcrlich auch wenn wir Sie bei uns im\u00a0Gasthaus D\u00f6ring begr\u00fc\u00dfen d\u00fcrfen.\u00a0Der n\u00e4chste gr\u00f6\u00dfere Supermarkt\u00a0befindet sich in Neu-L\u00fcbbenau und ist ca. 12 km entfernt.[\/vc_column_text][vc_empty_space height=&#8220;22px&#8220;][\/vc_column][vc_column width=&#8220;1\/4&#8243;][vc_empty_space height=&#8220;10px&#8220;][vc_single_image image=&#8220;3128&#8243; img_size=&#8220;large&#8220; qode_css_animation=&#8220;&#8220;][vc_empty_space height=&#8220;22px&#8220;][vc_raw_html]LS0tJTIxJTNF[\/vc_raw_html][\/vc_column][\/vc_row][vc_row row_type=&#8220;row&#8220; use_row_as_full_screen_section=&#8220;no&#8220; type=&#8220;grid&#8220; angled_section=&#8220;no&#8220; text_align=&#8220;left&#8220; background_image_as_pattern=&#8220;without_pattern&#8220; css_animation=&#8220;&#8220; z_index=&#8220;&#8220; css=&#8220;.vc_custom_1644366641111{background-color: #f0f0f0 !important;}&#8220;][vc_column width=&#8220;1\/3&#8243;][vc_empty_space height=&#8220;10px&#8220;][vc_single_image image=&#8220;2492&#8243; img_size=&#8220;large&#8220; qode_css_animation=&#8220;&#8220;][vc_empty_space height=&#8220;22px&#8220;][\/vc_column][vc_column width=&#8220;1\/3&#8243;][vc_column_text]\n<div class=\"ce_text block\">\n<p style=\"text-align: left;\">Im Ort Pretschen befinden sich einige Einkaufsm\u00f6glichkeiten, wie der Laden der\u00a0Landb\u00e4ckerei Schulze und der Hofladen der Landgut GmbH, dort k\u00f6nnen auch Waren des t\u00e4glichen Bedarfs erworben werden. Au\u00dferdem freuen wir uns nat\u00fcrlich auch wenn wir Sie bei uns im\u00a0Gasthaus D\u00f6ring begr\u00fc\u00dfen d\u00fcrfen.\u00a0Der n\u00e4chste gr\u00f6\u00dfere Supermarkt\u00a0befindet sich in Neu-L\u00fcbbenau und ist ca. 12 km entfernt.<\/p>\n<\/div>\n[\/vc_column_text][vc_empty_space height=&#8220;22px&#8220;][\/vc_column][vc_column width=&#8220;1\/3&#8243;][vc_empty_space height=&#8220;10px&#8220;][vc_single_image image=&#8220;3128&#8243; img_size=&#8220;large&#8220; qode_css_animation=&#8220;&#8220;][vc_empty_space height=&#8220;22px&#8220;][\/vc_column][\/vc_row][vc_row row_type=&#8220;row&#8220; use_row_as_full_screen_section=&#8220;no&#8220; type=&#8220;full_width&#8220; angled_section=&#8220;no&#8220; text_align=&#8220;left&#8220; background_image_as_pattern=&#8220;without_pattern&#8220; css_animation=&#8220;&#8220; z_index=&#8220;&#8220;][vc_column][vc_empty_space height=&#8220;20px&#8220;][vc_column_text]\n<div class=\"ce_text block\">\n<h3 style=\"text-align: center;\">Preise und Buchung<\/h3>\n<\/div>\n[\/vc_column_text][vc_separator type=&#8220;small&#8220; position=&#8220;center&#8220; color=&#8220;#9bb237&#8243; up=&#8220;10&#8243; down=&#8220;25&#8243;][vc_column_text]\n<h4 style=\"text-align: center;\">Bitte beachten Sie, dass die Mindest-Mietdauer 7 Tage ist.<\/h4>\n[\/vc_column_text][vc_column_text]\n<h4 style=\"text-align: center;\">Der Bungalow bietet Platz f\u00fcr maximal f\u00fcr 4 Personen.<\/h4>\n[\/vc_column_text][vc_empty_space height=&#8220;22px&#8220;][\/vc_column][\/vc_row][vc_row row_type=&#8220;row&#8220; use_row_as_full_screen_section=&#8220;no&#8220; type=&#8220;grid&#8220; angled_section=&#8220;no&#8220; text_align=&#8220;left&#8220; background_image_as_pattern=&#8220;without_pattern&#8220; css_animation=&#8220;&#8220; z_index=&#8220;&#8220;][vc_column width=&#8220;3\/6&#8243;][vc_empty_space height=&#8220;22px&#8220;][vc_column_text]\n<div class=\"ce_text block\">\n<h4>Preise f\u00fcr 2 Erwachsene:<\/h4>\n<p>Erste \u00dcbernachtung<\/p>\n<p>ab der zweiten Nacht,\u00a0pro \u00dcbernachtung<\/p>\n<p>&nbsp;<\/p>\n<\/div>\n<p>Preis pro Kind, pro \u00dcbernachtung<br \/>\nMax. 2 Kinder[\/vc_column_text][\/vc_column][vc_column width=&#8220;1\/6&#8243;][vc_empty_space height=&#8220;22px&#8220;][vc_column_text]\n<div class=\"ce_text block\">\n<h2><\/h2>\n<\/div>\n[\/vc_column_text][vc_column_text]<strong>pro Tag<\/strong><\/p>\n<p>80,00 \u20ac<\/p>\n<p>60,00 \u20ac<\/p>\n<p>&nbsp;<\/p>\n<p>10,00 \u20ac[\/vc_column_text][\/vc_column][vc_column width=&#8220;2\/6&#8243;][vc_empty_space height=&#8220;22px&#8220;][vc_column_text]Anfragen bitte direkt an Familie D\u00f6ring<\/p>\n<p>E-Mail: \u00a0 \u00a0 pension.doering@t-online.de<\/p>\n<p>Tel: \u00a0+49 (0) 35476 \/223<\/p>\n<p>&nbsp;<\/p>\n<p><strong>Gasthaus und Pension\u00a0D\u00f6ring<\/strong><\/p>\n<p>&#8211; Reservierung &#8211;<\/p>\n<p>Pretschener Anger 29<\/p>\n<p>15913 M\u00e4rkische Heide\/ OT Pretschen[\/vc_column_text][vc_empty_space height=&#8220;22px&#8220;][\/vc_column][\/vc_row][vc_row row_type=&#8220;row&#8220; use_row_as_full_screen_section=&#8220;no&#8220; type=&#8220;full_width&#8220; in_content_menu=&#8220;in_content_menu&#8220; content_menu_icon=&#8220;&#8220; angled_section=&#8220;no&#8220; text_align=&#8220;left&#8220; background_image_as_pattern=&#8220;without_pattern&#8220; css_animation=&#8220;&#8220; el_id=&#8220;erholen&#8220; z_index=&#8220;&#8220; anchor=&#8220;entspannen&#8220; content_menu_title=&#8220;Sauna&#8220;][vc_column][vc_empty_space height=&#8220;20px&#8220;][\/vc_column][\/vc_row][vc_row row_type=&#8220;row&#8220; use_row_as_full_screen_section=&#8220;no&#8220; type=&#8220;full_width&#8220; angled_section=&#8220;no&#8220; text_align=&#8220;left&#8220; background_image_as_pattern=&#8220;without_pattern&#8220; css_animation=&#8220;&#8220;][vc_column][vc_empty_space height=&#8220;20px&#8220;][\/vc_column][\/vc_row]\n","protected":false},"excerpt":{"rendered":"<p>[vc_row row_type=&#8220;row&#8220; use_row_as_full_screen_section=&#8220;no&#8220; type=&#8220;full_width&#8220; angled_section=&#8220;no&#8220; text_align=&#8220;left&#8220; background_image_as_pattern=&#8220;without_pattern&#8220; css_animation=&#8220;&#8220; z_index=&#8220;&#8220; css=&#8220;.vc_custom_1748517560395{background-color: #f0f0f0 !important;}&#8220;][vc_column][vc_gallery interval=&#8220;3&#8243; images=&#8220;3100,3101,3102&#8243; img_size=&#8220;full&#8220; onclick=&#8220;&#8220; direction_nav=&#8220;no&#8220; control_nav=&#8220;no&#8220; pause_on_hover=&#8220;yes&#8220;][\/vc_column][\/vc_row][vc_row row_type=&#8220;row&#8220; use_row_as_full_screen_section=&#8220;no&#8220; type=&#8220;grid&#8220; angled_section=&#8220;no&#8220; text_align=&#8220;left&#8220; background_image_as_pattern=&#8220;without_pattern&#8220; css_animation=&#8220;&#8220; z_index=&#8220;&#8220; css=&#8220;.vc_custom_1748517385792{background-color: #f0f0f0 !important;}&#8220;][vc_column width=&#8220;1\/3&#8243; css=&#8220;.vc_custom_1644367227005{padding-right: 25px !important;}&#8220;][vc_empty_space height=&#8220;40px&#8220;][vc_column_text] Unser Bungalow \u2013\u00a0Das Ferienh\u00e4uschen am Wald [\/vc_column_text][vc_empty_space height=&#8220;20px&#8220;][vc_column_text] Liebe G\u00e4ste,&#8230;<\/p>\n","protected":false},"author":1,"featured_media":0,"parent":2156,"menu_order":0,"comment_status":"closed","ping_status":"closed","template":"full_width.php","meta":{"footnotes":""},"class_list":["post-3089","page","type-page","status-publish","hentry"],"_links":{"self":[{"href":"http:\/\/www.pension-gasthaus-doering.de\/new\/wp-json\/wp\/v2\/pages\/3089","targetHints":{"allow":["GET"]}}],"collection":[{"href":"http:\/\/www.pension-gasthaus-doering.de\/new\/wp-json\/wp\/v2\/pages"}],"about":[{"href":"http:\/\/www.pension-gasthaus-doering.de\/new\/wp-json\/wp\/v2\/types\/page"}],"author":[{"embeddable":true,"href":"http:\/\/www.pension-gasthaus-doering.de\/new\/wp-json\/wp\/v2\/users\/1"}],"replies":[{"embeddable":true,"href":"http:\/\/www.pension-gasthaus-doering.de\/new\/wp-json\/wp\/v2\/comments?post=3089"}],"version-history":[{"count":37,"href":"http:\/\/www.pension-gasthaus-doering.de\/new\/wp-json\/wp\/v2\/pages\/3089\/revisions"}],"predecessor-version":[{"id":3268,"href":"http:\/\/www.pension-gasthaus-doering.de\/new\/wp-json\/wp\/v2\/pages\/3089\/revisions\/3268"}],"up":[{"embeddable":true,"href":"http:\/\/www.pension-gasthaus-doering.de\/new\/wp-json\/wp\/v2\/pages\/2156"}],"wp:attachment":[{"href":"http:\/\/www.pension-gasthaus-doering.de\/new\/wp-json\/wp\/v2\/media?parent=3089"}],"curies":[{"name":"wp","href":"https:\/\/api.w.org\/{rel}","templated":true}]}}