{"id":2885,"date":"2020-01-25T13:05:25","date_gmt":"2020-01-25T12:05:25","guid":{"rendered":"http:\/\/www.pension-gasthaus-doering.de\/new\/?page_id=2885"},"modified":"2020-02-05T09:26:38","modified_gmt":"2020-02-05T08:26:38","slug":"test_page","status":"publish","type":"page","link":"http:\/\/www.pension-gasthaus-doering.de\/new\/home\/test_page\/","title":{"rendered":"Spreewald"},"content":{"rendered":"[vc_row row_type=&#8220;row&#8220; use_row_as_full_screen_section=&#8220;no&#8220; type=&#8220;full_width&#8220; angled_section=&#8220;no&#8220; text_align=&#8220;left&#8220; background_image_as_pattern=&#8220;without_pattern&#8220; css_animation=&#8220;&#8220; z_index=&#8220;&#8220; css=&#8220;.vc_custom_1580844207731{background-color: #ffffff !important;}&#8220;][vc_column][vc_gallery interval=&#8220;5&#8243; images=&#8220;2696,2693,2554,2551,2552&#8243; img_size=&#8220;medium&#8220; onclick=&#8220;&#8220;][\/vc_column][\/vc_row][vc_row row_type=&#8220;row&#8220; use_row_as_full_screen_section=&#8220;no&#8220; type=&#8220;full_width&#8220; angled_section=&#8220;no&#8220; text_align=&#8220;left&#8220; background_image_as_pattern=&#8220;without_pattern&#8220; css_animation=&#8220;&#8220; css=&#8220;.vc_custom_1580846267932{background-color: #ffffff !important;}&#8220; z_index=&#8220;&#8220;][vc_column width=&#8220;1\/6&#8243;][\/vc_column][vc_column width=&#8220;2\/3&#8243;][vc_column_text]\n<h1 style=\"text-align: center;\">Einzigartige Flusslandschaft Spreewald<\/h1>\n[\/vc_column_text][vc_empty_space height=&#8220;20px&#8220;][vc_column_text]<span style=\"font-family: 'Arial Unicode MS',sans-serif;\">Mit nur 1.200 Quadratkilometern z\u00e4hlt der Spreewald zu den kleinsten Reisegebieten in Deutschland. Die einzigartige Landschaft ist ein kleines Naturwunder, dass sich durch ein fein gewobenes Netz aus Flie\u00dfen mit \u00fcber 1.000 km Gesamtl\u00e4nge auszeichnet.<\/span><\/p>\n<p>&nbsp;<\/p>\n<p><span style=\"font-family: 'Arial Unicode MS',sans-serif;\">Die Flusslandschaft bietet seltenen und gef\u00e4hrdeten Tieren und Pflanzen einen optimalen Lebensraum und erscheint einem manchmal fast schon etwas mystisch und m\u00e4rchenhaft. Kein Wunder, denn einer Sage nach ist die Entstehung des Spreewald das missgl\u00fcckte Werk des Teufels. <\/span>[\/vc_column_text][vc_empty_space height=&#8220;15px&#8220;]<div class=\"qode-accordion-holder clearfix qode-accordion qode-initial \">\n\t<h3 class=\"clearfix qode-title-holder\">\n<span class=\"qode-tab-title\">\n\t\t\t<span class=\"qode-tab-title-icon\">\n\t\t\t<i class=\"qode_icon_font_awesome fa fa-bookmark \" ><\/i>\t\t<\/span>\n\t    <span class=\"qode-tab-title-inner\">\n        Wie der Spreewald wirklich entstand    <\/span>\n<\/span>\n<span class=\"qode-accordion-mark\">\n    <span class=\"qode-accordion-mark-icon\">\n        <span class=\"icon_plus\"><\/span>\n        <span class=\"icon_minus-06\"><\/span>\n    <\/span>\n<\/span>\n<\/h3>\n<div  class=\"qode-accordion-content qode-acc-title-with-icon\" >\n    <div class=\"qode-accordion-content-inner\">\n        [vc_column_text]\n<h4><strong>Die Teufelssage \u00fcber die Entstehung des Spreewalds<\/strong><\/h4>\n<p>Als der Teufel vor langer Zeit mit seinem Ochsengespann das Bett der Spree pfl\u00fcgte, war er schon ein gutes St\u00fcck vorangekommen, doch die zwei Zugtiere zeigten sich m\u00fcde und wollten nicht mehr so recht. Das passte dem Leibhaftigen nicht. Wutentbrannt warf er seine M\u00fctze nach den Rindviechern und schrie sie an: &#8222;Das euch verdammtes faules Vieh doch meine Gro\u00dfmutter hole!\u201c<\/p>\n<p>&nbsp;<\/p>\n<p>Diese Aussicht muss die Tiere doch so sehr erschreckt haben. Jedenfalls ergriffen sie die Flucht und rannten, mit dem Pflug hinterdrein, kreuz und quer davon.<\/p>\n<p>Statt eines ordentliches Flussbettes rissen die t\u00fcrmenden Ochsen ein Delta mit 350 Wasserl\u00e4ufen, Flie\u00dfen von mehr als 500 km L\u00e4nge&#8230;genau weiss man es nicht mehr so.[\/vc_column_text]    <\/div>\n<\/div><h3 class=\"clearfix qode-title-holder\">\n<span class=\"qode-tab-title\">\n\t\t\t<span class=\"qode-tab-title-icon\">\n\t\t\t<i class=\"qode_icon_font_awesome fa fa-bookmark-o \" ><\/i>\t\t<\/span>\n\t    <span class=\"qode-tab-title-inner\">\n        Der Schlangenk\u00f6nig im Spreewald    <\/span>\n<\/span>\n<span class=\"qode-accordion-mark\">\n    <span class=\"qode-accordion-mark-icon\">\n        <span class=\"icon_plus\"><\/span>\n        <span class=\"icon_minus-06\"><\/span>\n    <\/span>\n<\/span>\n<\/h3>\n<div  class=\"qode-accordion-content qode-acc-title-with-icon\" >\n    <div class=\"qode-accordion-content-inner\">\n        [vc_column_text]\n<h4><strong>Der Schlangenk\u00f6nig im Spreewald<\/strong><\/h4>\n<p>An den Giebeln alter H\u00e4user im Spreewald befindet sich das Symbol zweier gekreuzter Schlangen. Sie stehen f\u00fcr den Schlangenk\u00f6nig, der die Bewohner sch\u00fctzen soll. Viele Sagen im Spreewald ranken sich um ihn.<\/p>\n<p>&nbsp;<\/p>\n<p>Die bekannteste erz\u00e4hlt von einem Grafen, der die goldene Krone des Schlangenk\u00f6nigs stehlen wollte. Er sah, wie dieser h\u00e4ufig auf einer Lichtung mit anderen Schlangen spielte und stets vorher die Krone auf einem hellen Fleck ablegte. Eines Tages breitete der Graf ein wei\u00dfes T\u00fcchlein auf der Lichtung aus und versteckte sich. Der Schlangenk\u00f6nig kam, legte die Krone auf das Tuch und wendete sich dann den anderen Schlangen zu. Der Graf nutzte den Moment, ergriff Tuch und Krone und ritt mit seinem Pferd davon. Die Schlangen folgten ihm, doch er sprang \u00fcber eine Mauer und entkam. Der Graf war fortan ein reicher Mann und w\u00e4hlte die Schlangen zu seinem Wappentier.[\/vc_column_text]    <\/div>\n<\/div><h3 class=\"clearfix qode-title-holder\">\n<span class=\"qode-tab-title\">\n\t\t\t<span class=\"qode-tab-title-icon\">\n\t\t\t<i class=\"qode_icon_font_awesome fa fa-bookmark-o \" ><\/i>\t\t<\/span>\n\t    <span class=\"qode-tab-title-inner\">\n        Die Mittagsfrau im Spreewald    <\/span>\n<\/span>\n<span class=\"qode-accordion-mark\">\n    <span class=\"qode-accordion-mark-icon\">\n        <span class=\"icon_plus\"><\/span>\n        <span class=\"icon_minus-06\"><\/span>\n    <\/span>\n<\/span>\n<\/h3>\n<div  class=\"qode-accordion-content qode-acc-title-with-icon\" >\n    <div class=\"qode-accordion-content-inner\">\n        [vc_column_text]\n<h4><strong>Die Mittagsfrau im Spreewald<\/strong><\/h4>\n<p>Wehe dem Bauern, der in der hei\u00dfen Mittagszeit weiter auf dem Feld arbeitet! Glaubt man einer weiteren Sage im Spreewald, so erscheint ihm die Mittagsfrau. Sie schwingt ihre Sense und fordert den Ungl\u00fccklichen auf, eine Stunde lang Geschichten \u00fcber Flachs zu erz\u00e4hlen. Ist der Bauer t\u00fcchtig und kennt sich aus, so gelingt ihm dies und er wird verschont. Wer jedoch weniger bewandert ist, der stirbt durch den \u201eHitzeschlag\u201c der Mittagsfrau.[\/vc_column_text]    <\/div>\n<\/div><\/div>[vc_column_text css=&#8220;.vc_custom_1580847204061{padding-top: 20px !important;padding-bottom: 20px !important;}&#8220;]Weitere Sagen und Geschichten rund um den Spreewald: <a href=\"https:\/\/www.spreewald.de\/urlaub-im-spreewald\/kultur-tradition-spreewald\/sorbische-sagen\/\" target=\"_blank\" rel=\"noopener\">www.spreewald.de<\/a>[\/vc_column_text][\/vc_column][vc_column width=&#8220;1\/6&#8243;][\/vc_column][\/vc_row][vc_row row_type=&#8220;row&#8220; use_row_as_full_screen_section=&#8220;no&#8220; type=&#8220;grid&#8220; angled_section=&#8220;no&#8220; text_align=&#8220;left&#8220; background_image_as_pattern=&#8220;without_pattern&#8220; css_animation=&#8220;&#8220; z_index=&#8220;&#8220; padding_top=&#8220;25&#8243; padding_bottom=&#8220;20&#8243;][vc_column][vc_column_text]\n<h3 style=\"text-align: center;\">Gehen Sie auf Entdeckungsreise<\/h3>\n[\/vc_column_text][vc_separator type=&#8220;transparent&#8220; up=&#8220;15&#8243; down=&#8220;15&#8243;][vc_column_text]\n<p style=\"text-align: center;\">Diese in Mitteleuropa einzigartige Landschaft bietet nicht nur die perfekte Kulisse f\u00fcr Film und Fernsehen, wie zum Beispiel f\u00fcr den Spreewaldkrimi . Sie ist auch f\u00fcr einen entspannten und abwechslungsreichen Urlaub ein beliebtes Ziel.<\/p>\n[\/vc_column_text][vc_empty_space height=&#8220;15px&#8220;][\/vc_column][\/vc_row][vc_row row_type=&#8220;row&#8220; use_row_as_full_screen_section=&#8220;no&#8220; type=&#8220;grid&#8220; angled_section=&#8220;no&#8220; text_align=&#8220;left&#8220; background_image_as_pattern=&#8220;without_pattern&#8220; css_animation=&#8220;&#8220; z_index=&#8220;&#8220;][vc_column width=&#8220;2\/3&#8243;][vc_accordion active_tab=&#8220;1&#8243; style=&#8220;boxed_accordion&#8220;][vc_accordion_tab title=&#8220;Kahnfahren&#8220; title_tag=&#8220;h3&#8243; title_color=&#8220;#3a3a3a&#8220; background_color=&#8220;#dbe283&#8243;][vc_column_text]\n<p class=\"Text\">Bei einer der traditionellen Kahnfahrten lernen Sie das sogenannte \u201el\u00e4ndliche Venedig\u201c n\u00e4her kennen und entdecken die zahlreichen kleinen Inselgeh\u00f6fte.\u00a0 In den teilweise mehr als 200 Jahre alten H\u00e4usern, die durch gro\u00dfe und kleine Wasserstra\u00dfen miteinander verbunden sind, werden Brauchtum und Handwerkskunst der vergangenen Zeiten wieder lebendig.<\/p>\n<p>&nbsp;<\/p>\n<p class=\"Text\">W\u00e4hrend Sie im Kahn sitzen und durch die Landschaft gestakt werden, erz\u00e4hlt Ihnen der F\u00e4hrmann vielleicht auch eine interessante Geschichte zum Leben im Spreewald.<\/p>\n[\/vc_column_text][\/vc_accordion_tab][vc_accordion_tab title=&#8220;Wasserwandern&#8220; title_tag=&#8220;h3&#8243; title_color=&#8220;#3a3a3a&#8220; background_color=&#8220;#dbe283&#8243;][vc_column_text]\n<p class=\"Text\">Die Labyrinth-artige Flusslandschaft ist ein Paradies f\u00fcr jeden Wassersport-Begeisterten. Sie l\u00e4dt geradezu dazu ein auf eigene Faust erforscht zu werden. Warum also nicht einfach ein Kanu oder Paddelboot mieten und beim Wasserwandern die Umgebung erkunden und die einzigartige Natur erleben.<\/p>\n<p>Da der Spreewald ein Biosph\u00e4renreservat ist, steht er unter Naturschutz und Fahrten mit motorbetriebenen Booten sind nicht gestattet, auch das macht die Einzigartigkeit mit aus.[\/vc_column_text][\/vc_accordion_tab][vc_accordion_tab title=&#8220;Radtouren&#8220; title_tag=&#8220;h3&#8243; title_color=&#8220;#3a3a3a&#8220; background_color=&#8220;#dbe283&#8243;][vc_column_text]\n<p class=\"Text\">Der als Rundweg angelegt Gurkenradweg durchzieht den gesamten Spreewald und ist ca. 260 km lang. Starten k\u00f6nnen Sie in nahezu jedem Ort zu einer Tages- oder Mehrtagesausflug. Auch abseits dieser Strecke l\u00e4dt ein gut ausgebautes und ausgeschildertes Radwegenetz dazu ein die Gegend zu erkunden.<\/p>\n[\/vc_column_text][\/vc_accordion_tab][vc_accordion_tab title=&#8220;Wandern&#8220; title_tag=&#8220;h3&#8243; title_color=&#8220;#3a3a3a&#8220; background_color=&#8220;#dbe283&#8243;][vc_column_text]\n<p class=\"Text\">Im Spreewald gibt es keine nennenswerten Steigungen, so ist auch das Wandern hier ganz leicht. Entdecken Sie auf einer Wandertour die weniger bekannten Orte, vor allem die, die man vom Kahn oder Rad aus nicht sehen kann.<\/p>\n[\/vc_column_text][\/vc_accordion_tab][\/vc_accordion][vc_empty_space height=&#8220;20px&#8220;][\/vc_column][vc_column width=&#8220;1\/3&#8243;][vc_gallery interval=&#8220;5&#8243; images=&#8220;2960,2963,2961,2962&#8243; img_size=&#8220;large&#8220;][\/vc_column][\/vc_row][vc_row row_type=&#8220;row&#8220; use_row_as_full_screen_section=&#8220;no&#8220; type=&#8220;grid&#8220; angled_section=&#8220;no&#8220; text_align=&#8220;left&#8220; background_image_as_pattern=&#8220;without_pattern&#8220; css_animation=&#8220;&#8220; z_index=&#8220;&#8220; padding_top=&#8220;25&#8243; padding_bottom=&#8220;20&#8243; css=&#8220;.vc_custom_1580845228446{background-color: #ffffff !important;}&#8220;][vc_column][vc_column_text]\n<h3 style=\"text-align: center;\">Weitere Informationen<\/h3>\n[\/vc_column_text][vc_separator type=&#8220;transparent&#8220; up=&#8220;15&#8243; down=&#8220;15&#8243;][vc_column_text css=&#8220;.vc_custom_1580845882243{padding-right: 30px !important;padding-left: 30px !important;}&#8220;]\n<p style=\"text-align: center;\">F\u00fcr weitere Informationen klicken Sie einfach einen der nachfolgenden Punkte an und Sie werden auf die entsprechende Website weitergeleitet.<\/p>\n[\/vc_column_text][\/vc_column][\/vc_row][vc_row row_type=&#8220;row&#8220; use_row_as_full_screen_section=&#8220;no&#8220; type=&#8220;grid&#8220; angled_section=&#8220;no&#8220; text_align=&#8220;left&#8220; background_image_as_pattern=&#8220;without_pattern&#8220; css_animation=&#8220;&#8220; css=&#8220;.vc_custom_1580846010676{padding-right: 0px !important;padding-left: 0px !important;background-color: #ffffff !important;}&#8220; z_index=&#8220;&#8220;][vc_column width=&#8220;1\/4&#8243;][vc_column_text]\n<h2>Regionales<\/h2>\n<p>&nbsp;<\/p>\n<ul>\n<li><a href=\"https:\/\/www.pretschen.de\/Default.aspx\" target=\"_blank\" rel=\"noopener\">Pretschen<\/a><\/li>\n<li><a href=\"https:\/\/www.maerkische-heide.de\" target=\"_blank\" rel=\"noopener\">M\u00e4rkische Heide<\/a><\/li>\n<li><a href=\"https:\/\/www.flottes-rudel.de\/index.php\" target=\"_blank\" rel=\"noopener\">\u201eFlottes Rudel\u201c\u00a0<\/a><\/li>\n<li><a href=\"https:\/\/www.luebben.de\/Default.aspx\" target=\"_blank\" rel=\"noopener\">Spreewaldstadt L\u00fcbben<\/a><\/li>\n<li><a href=\"https:\/\/www.landgut-pretschen.de\" target=\"_blank\" rel=\"noopener\">Landgut Pretschen<\/a><\/li>\n<\/ul>\n[\/vc_column_text][\/vc_column][vc_column width=&#8220;1\/4&#8243;][vc_column_text]\n<h2>Tourismus<\/h2>\n<p>&nbsp;<\/p>\n<ul>\n<li><a href=\"https:\/\/www.luebbenau-spreewald.com\/de\/startseite.php\" target=\"_blank\" rel=\"noopener\">Spreewald Tourist Info<\/a><\/li>\n<li><a href=\"https:\/\/www.spreewald-unterkuenfte.de\" target=\"_blank\" rel=\"noopener\">Spreewald-Unterk\u00fcnfte<\/a><\/li>\n<li><a href=\"http:\/\/www.tks-luebben.de\" target=\"_blank\" rel=\"noopener\">TKS L\u00fcbben<\/a><\/li>\n<li><a href=\"https:\/\/www.spreekapitaen.de\" target=\"_blank\" rel=\"noopener\">Spreekapit\u00e4n<\/a><\/li>\n<li><a href=\"https:\/\/www.spreewald-center.de\" target=\"_blank\" rel=\"noopener\">Spreewald-Center<\/a><\/li>\n<\/ul>\n[\/vc_column_text][\/vc_column][vc_column width=&#8220;1\/4&#8243;][vc_column_text]\n<h2>Radwege<\/h2>\n<p>&nbsp;<\/p>\n<ul>\n<li><a href=\"https:\/\/www.spreewald.de\/urlaub-im-spreewald\/radfahren-im-spreewald\/radtouren-im-spreewald\/gurkenradweg\/\" target=\"_blank\" rel=\"noopener\">Gurkenradweg<\/a><\/li>\n<li><a href=\"https:\/\/www.spreeradweg.de\" target=\"_blank\" rel=\"noopener\">Spreewaldradweg<\/a><\/li>\n<\/ul>\n[\/vc_column_text][\/vc_column][vc_column width=&#8220;1\/4&#8243;][vc_column_text]\n<h2>Regionale Nachrichten<\/h2>\n<p>&nbsp;<\/p>\n<ul>\n<li><a href=\"https:\/\/www.lr-online.de\" target=\"_blank\" rel=\"noopener\">Lausitzer Rundschau<\/a><\/li>\n<li><a href=\"https:\/\/www.maz-online.de\" target=\"_blank\" rel=\"noopener\">M\u00e4rkische Allgemeine<\/a><\/li>\n<li><a href=\"https:\/\/www.rbb24.de\" target=\"_blank\" rel=\"noopener\">RBB &#8211; Rundfunk Berlin Brandenburg<\/a><\/li>\n<\/ul>\n[\/vc_column_text][\/vc_column][\/vc_row][vc_row row_type=&#8220;row&#8220; use_row_as_full_screen_section=&#8220;no&#8220; type=&#8220;full_width&#8220; angled_section=&#8220;no&#8220; text_align=&#8220;left&#8220; background_image_as_pattern=&#8220;without_pattern&#8220; css_animation=&#8220;&#8220; css=&#8220;.vc_custom_1580845903929{background-color: #ffffff !important;}&#8220; z_index=&#8220;&#8220;][vc_column][vc_empty_space height=&#8220;50px&#8220;][\/vc_column][\/vc_row]\n","protected":false},"excerpt":{"rendered":"<p>[vc_row row_type=&#8220;row&#8220; use_row_as_full_screen_section=&#8220;no&#8220; type=&#8220;full_width&#8220; angled_section=&#8220;no&#8220; text_align=&#8220;left&#8220; background_image_as_pattern=&#8220;without_pattern&#8220; css_animation=&#8220;&#8220; z_index=&#8220;&#8220; css=&#8220;.vc_custom_1580844207731{background-color: #ffffff !important;}&#8220;][vc_column][vc_gallery interval=&#8220;5&#8243; images=&#8220;2696,2693,2554,2551,2552&#8243; img_size=&#8220;medium&#8220; onclick=&#8220;&#8220;][\/vc_column][\/vc_row][vc_row row_type=&#8220;row&#8220; use_row_as_full_screen_section=&#8220;no&#8220; type=&#8220;full_width&#8220; angled_section=&#8220;no&#8220; text_align=&#8220;left&#8220; background_image_as_pattern=&#8220;without_pattern&#8220; css_animation=&#8220;&#8220; css=&#8220;.vc_custom_1580846267932{background-color: #ffffff !important;}&#8220; z_index=&#8220;&#8220;][vc_column width=&#8220;1\/6&#8243;][\/vc_column][vc_column width=&#8220;2\/3&#8243;][vc_column_text] Einzigartige Flusslandschaft Spreewald [\/vc_column_text][vc_empty_space height=&#8220;20px&#8220;][vc_column_text]Mit nur 1.200 Quadratkilometern z\u00e4hlt der Spreewald zu den kleinsten Reisegebieten in&#8230;<\/p>\n","protected":false},"author":1,"featured_media":0,"parent":2156,"menu_order":0,"comment_status":"closed","ping_status":"closed","template":"full_width.php","meta":{"footnotes":""},"class_list":["post-2885","page","type-page","status-publish","hentry"],"_links":{"self":[{"href":"http:\/\/www.pension-gasthaus-doering.de\/new\/wp-json\/wp\/v2\/pages\/2885","targetHints":{"allow":["GET"]}}],"collection":[{"href":"http:\/\/www.pension-gasthaus-doering.de\/new\/wp-json\/wp\/v2\/pages"}],"about":[{"href":"http:\/\/www.pension-gasthaus-doering.de\/new\/wp-json\/wp\/v2\/types\/page"}],"author":[{"embeddable":true,"href":"http:\/\/www.pension-gasthaus-doering.de\/new\/wp-json\/wp\/v2\/users\/1"}],"replies":[{"embeddable":true,"href":"http:\/\/www.pension-gasthaus-doering.de\/new\/wp-json\/wp\/v2\/comments?post=2885"}],"version-history":[{"count":52,"href":"http:\/\/www.pension-gasthaus-doering.de\/new\/wp-json\/wp\/v2\/pages\/2885\/revisions"}],"predecessor-version":[{"id":3009,"href":"http:\/\/www.pension-gasthaus-doering.de\/new\/wp-json\/wp\/v2\/pages\/2885\/revisions\/3009"}],"up":[{"embeddable":true,"href":"http:\/\/www.pension-gasthaus-doering.de\/new\/wp-json\/wp\/v2\/pages\/2156"}],"wp:attachment":[{"href":"http:\/\/www.pension-gasthaus-doering.de\/new\/wp-json\/wp\/v2\/media?parent=2885"}],"curies":[{"name":"wp","href":"https:\/\/api.w.org\/{rel}","templated":true}]}}