{"id":2156,"date":"2016-01-19T09:04:27","date_gmt":"2016-01-19T08:04:27","guid":{"rendered":"http:\/\/adama.galactica-themes.com\/?page_id=5"},"modified":"2025-12-01T13:31:06","modified_gmt":"2025-12-01T12:31:06","slug":"home","status":"publish","type":"page","link":"http:\/\/www.pension-gasthaus-doering.de\/new\/","title":{"rendered":"Home"},"content":{"rendered":"[vc_row row_type=&#8220;row&#8220; use_row_as_full_screen_section=&#8220;no&#8220; type=&#8220;full_width&#8220; angled_section=&#8220;no&#8220; text_align=&#8220;left&#8220; background_image_as_pattern=&#8220;without_pattern&#8220; css_animation=&#8220;&#8220;][vc_column][vc_column_text]\n<p><!--vcv no format--><\/p>\n<div class=\"vce-row-container\" data-vce-boxed-width=\"true\">\n<div id=\"el-a36fe47a\" class=\"vce-row vce-row--col-gap-30 vce-row-equal-height vce-row-content--top\" data-vce-do-apply=\"all el-a36fe47a\">\n<div class=\"vce-row-content\" data-vce-element-content=\"true\">\n<p><\/p>\n<div id=\"el-8edf8f0a\" class=\"vce-col vce-col--md-auto vce-col--xs-1 vce-col--xs-last vce-col--xs-first vce-col--sm-last vce-col--sm-first vce-col--md-last vce-col--lg-last vce-col--xl-last vce-col--md-first vce-col--lg-first vce-col--xl-first\">\n<div class=\"vce-col-inner\" data-vce-do-apply=\"border margin background el-8edf8f0a\">\n<div class=\"vce-col-content\" data-vce-element-content=\"true\" data-vce-do-apply=\"padding el-8edf8f0a\">\n<p><\/p>\n<div class=\"vce-text-block\">\n<div id=\"el-f9e1c213\" class=\"vce-text-block-wrapper vce\" data-vce-do-apply=\"all el-f9e1c213\">\n[\/vc_column_text][\/vc_column][\/vc_row][vc_row row_type=&#8220;row&#8220; use_row_as_full_screen_section=&#8220;no&#8220; type=&#8220;full_width&#8220; angled_section=&#8220;no&#8220; text_align=&#8220;left&#8220; background_image_as_pattern=&#8220;without_pattern&#8220; css_animation=&#8220;&#8220; z_index=&#8220;&#8220; background_color=&#8220;#efe7c9&#8243;][vc_column][vc_gallery interval=&#8220;3&#8243; images=&#8220;2559,2693,2695,3022,2694,2697,2551,2560,2655&#8243; img_size=&#8220;full&#8220; onclick=&#8220;&#8220; direction_nav=&#8220;yes&#8220; pause_on_hover=&#8220;yes&#8220;][\/vc_column][\/vc_row][vc_row row_type=&#8220;row&#8220; use_row_as_full_screen_section=&#8220;no&#8220; type=&#8220;grid&#8220; angled_section=&#8220;no&#8220; text_align=&#8220;left&#8220; background_image_as_pattern=&#8220;without_pattern&#8220; css_animation=&#8220;&#8220; css=&#8220;.vc_custom_1608912925502{padding-right: 20px !important;padding-bottom: 10px !important;padding-left: 20px !important;}&#8220; z_index=&#8220;&#8220;][vc_column width=&#8220;1\/4&#8243;][vc_raw_html]JTNDJTIxLS0=[\/vc_raw_html][vc_empty_space][\/vc_column][vc_column width=&#8220;1\/2&#8243;][vc_separator type=&#8220;normal&#8220; color=&#8220;#aeca10&#8243; up=&#8220;0&#8243; down=&#8220;20&#8243; thickness=&#8220;2&#8243;][vc_column_text] \u00a0 [\/vc_column_text][vc_single_image image=&#8220;3283&#8243; img_size=&#8220;large&#8220; alignment=&#8220;center&#8220; onclick=&#8220;custom_link&#8220; img_link_target=&#8220;_blank&#8220; qode_css_animation=&#8220;&#8220; link=&#8220;https:\/\/www.facebook.com\/pensiondoering\/?view_public_for=101035288254324&#8243;][\/vc_column][vc_column width=&#8220;1\/4&#8243;][vc_empty_space][\/vc_column][\/vc_row][vc_row row_type=&#8220;row&#8220; use_row_as_full_screen_section=&#8220;no&#8220; type=&#8220;grid&#8220; angled_section=&#8220;no&#8220; text_align=&#8220;left&#8220; background_image_as_pattern=&#8220;without_pattern&#8220; css_animation=&#8220;&#8220; css=&#8220;.vc_custom_1579945507026{padding-right: 20px !important;padding-bottom: 10px !important;padding-left: 20px !important;}&#8220; z_index=&#8220;&#8220;][vc_column width=&#8220;1\/2&#8243;][vc_column_text css=&#8220;.vc_custom_1580848053726{padding-top: 15px !important;padding-bottom: 15px !important;}&#8220;]\n<div class=\"ce_text block\">Brauchen Sie eine Pause vom Alltag? M\u00f6chten Sie der Hektik und dem Stress f\u00fcr eine Weile entfliehen? Dann besuchen Sie uns doch mal in Pretschen, einem\u00a0kleinen Ort am Rande des Spreewald.<\/div>\n<div class=\"ce_text block\">Umgeben von Weizenfeldern und Kiefernw\u00e4ldern erstrecken sich die kleinen Orte der Gemeinde M\u00e4rkische Heide durch die malerische Spreewald-Landschaft. Inmitten dieser einzigartigen Landschaft erfahren Sie Ruhe und Entspannung direkt in der Natur. Durch den Ort flie\u00dft in sanften Windungen die Pretschener Spree, nur einer der vielen Wasserl\u00e4ufe die diese Gegend so einzigartig machen. Zahlreiche Seen, die ebenso typisch f\u00fcr diese Naturlandschaft sind, finden sich im Umkreis weniger Kilometer und k\u00f6nnen \u00fcber Rad- und Wanderwege erreicht werden.<\/div>\n[\/vc_column_text][\/vc_column][vc_column width=&#8220;1\/2&#8243;][vc_column_text css=&#8220;.vc_custom_1580848065828{padding-top: 15px !important;}&#8220;]\n<div class=\"ce_text block\">Im Ortskern finden Sie unsere Pension und das dazugeh\u00f6rige Gasthaus, unweit davon sind auch die \u00f6rtliche Landb\u00e4ckerei und der Bioladen zu entdecken. Lassen Sie Ihre Sinne erwachen und erleben Sie den nat\u00fcrlichen Charme der Menschen und der unverwechselbaren Landschaft. Sind Sie neugierig geworden? Besuchen Sie uns!<\/div>\n<div class=\"ce_text block\"><strong>Wir freuen uns auf Sie.<\/strong><\/div>\n[\/vc_column_text][vc_single_image image=&#8220;2451&#8243; img_size=&#8220;full&#8220; qode_css_animation=&#8220;&#8220;]<div class=\"qode-info-card-with-icon\">\n    <div class=\"qode-icwi-image-icon-holder qode-start-icon-hover\">\n\t\t\t\t\t\t<div class=\"qode-icwi-icon-holder\">\n\t\t\t<span class=\"qode-icon-holder qode-icon-circle qode-icon-tiny\"   >\n\t\t\t\t<i class=\"qode_icon_font_awesome_5 fa5 fa fa-info qode-icon-element\" style=\"\" ><\/i>\t\t\t<\/span>\n\t\t<\/div>\n\t\t\t<\/div>\n\t<div class=\"qode-icwi-text-holder\">\n\t\t\t\t\t<h3 class=\"qode-icwi-title\">\n\t\t\t\tInfo\t\t\t<\/h3>\n\t\t\t\t\t\t\t<p class=\"qode-icwi-text\">\n\t\t\t\tLiebe G\u00e4ste,&lt;\/p&gt;\n&lt;p&gt;vom 28. bis 30. Juli 2023 haben wir nur f\u00fcr unsere Pensionsg\u00e4ste ge\u00f6ffnet.\t\t\t<\/p>\n\t\t\t<\/div>\n<\/div>[vc_column_text css=&#8220;.vc_custom_1736461643929{padding-right: 30px !important;padding-left: 30px !important;}&#8220;]\n<p><center><b>Willkommen im neuen Jahr! Wir w\u00fcnschen all unseren G\u00e4sten ein frohes und gesundes 2025! <\/b><\/center>Bitte beachten Sie unsere neuen \u00d6ffnungszeiten ab Januar: Wir sind nun Freitag von 17:00 bis 20:00 Uhr, Samstag von 11:00 bis 20:00 Uhr und Sonntag von 11:00 bis 15:00 Uhr f\u00fcr Sie da.<\/p>\n<p>Wir freuen uns auf Ihren Besuch!<br \/>\nIhr Team vom Gasthaus D\u00f6ring<\/p>\n[\/vc_column_text][vc_raw_html]LS0lMjElM0U=[\/vc_raw_html][\/vc_column][\/vc_row][vc_row row_type=&#8220;row&#8220; use_row_as_full_screen_section=&#8220;no&#8220; type=&#8220;grid&#8220; angled_section=&#8220;no&#8220; text_align=&#8220;left&#8220; background_image_as_pattern=&#8220;without_pattern&#8220; css_animation=&#8220;&#8220; css=&#8220;.vc_custom_1757081077073{padding-right: 20px !important;padding-bottom: 10px !important;padding-left: 20px !important;}&#8220; z_index=&#8220;&#8220;][vc_column width=&#8220;1\/6&#8243;][\/vc_column][vc_column width=&#8220;2\/3&#8243;]<span class=\"separator_with_icon\" ><i class=\"fa fa-info-circle\"><\/i><\/span>[vc_empty_space height=&#8220;20px&#8220;][vc_column_text css=&#8220;.vc_custom_1764592247063{padding-right: 30px !important;padding-left: 30px !important;}&#8220;]\n<p style=\"text-align: left;\"><b>Liebe G\u00e4ste und Freunde unseres Hauses,<\/b><b><\/b><\/p>\n<p style=\"text-align: left;\">seit <b>September 2025<\/b> ist unser <b>Gasthaus<\/b> bis auf Weiteres geschlossen.<br \/>\nVon Herzen danken wir Ihnen f\u00fcr die vielen gemeinsamen Momente und Ihr Vertrauen.<\/p>\n<p style=\"text-align: left;\">Unsere <b>Pension<\/b> ist selbstverst\u00e4ndlich wie gewohnt f\u00fcr Sie ge\u00f6ffnet. F\u00fcr die G\u00e4ste unserer Pension besteht weiterhin die M\u00f6glichkeit bei uns zu Fr\u00fchst\u00fccken und am Abend zu Essen. Auch kleine Familienfeiern oder gesellige Runden im Kreis Ihrer Liebsten gestalten wir mit Freude f\u00fcr Sie. Sprechen Sie uns dazu einfach an.<\/p>\n<p style=\"text-align: left;\">Mit herzlichen Gr\u00fc\u00dfen<br \/>\nIhre Familie D\u00f6ring<\/p>\n[\/vc_column_text][vc_empty_space height=&#8220;20px&#8220;]<span class=\"separator_with_icon\" ><i class=\"fa fa-info-circle\"><\/i><\/span>[\/vc_column][vc_column width=&#8220;1\/6&#8243;][\/vc_column][\/vc_row][vc_row row_type=&#8220;row&#8220; use_row_as_full_screen_section=&#8220;no&#8220; type=&#8220;grid&#8220; angled_section=&#8220;no&#8220; text_align=&#8220;left&#8220; background_image_as_pattern=&#8220;without_pattern&#8220; css_animation=&#8220;&#8220; css=&#8220;.vc_custom_1579616301110{padding-right: 20px !important;padding-bottom: 50px !important;padding-left: 20px !important;}&#8220; z_index=&#8220;&#8220;][vc_column width=&#8220;1\/3&#8243; css=&#8220;.vc_custom_1576686247538{padding-right: 20px !important;padding-left: 20px !important;}&#8220;][vc_empty_space][vc_column_text css=&#8220;.vc_custom_1579814907073{margin-top: 0px !important;margin-bottom: 0px !important;padding-top: 10px !important;padding-bottom: 10px !important;background-color: #efe7c9 !important;}&#8220;]\n<h3 style=\"text-align: center;\"><span class=\"short_text\" lang=\"en\"><span class=\"\">GASTHAUS<\/span><\/span><span id=\"result_box\" class=\"short_text\" lang=\"en\"><\/span><\/h3>\n[\/vc_column_text][vc_single_image image=&#8220;2492&#8243; img_size=&#8220;full&#8220; qode_css_animation=&#8220;&#8220; css=&#8220;.vc_custom_1579814732172{background-color: #efe7c9 !important;}&#8220;][vc_empty_space height=&#8220;10px&#8220;][vc_column_text css=&#8220;.vc_custom_1580848080604{margin-right: 10px !important;padding-right: 20px !important;padding-bottom: 20px !important;}&#8220;]Das Gasthaus D\u00f6ring ist ein Familienbetrieb in der zweiten Generation und im Ortskern von Pretschen gelegen. Der gem\u00fctliche Gastraum ist in 2 Bereiche aufgeteilt und bietet Platz f\u00fcr ca. 40 Personen.[\/vc_column_text][vc_column_text]\n<h6><a href=\"gasthaus\/\">MEHR<\/a><\/h6>\n[\/vc_column_text][\/vc_column][vc_column width=&#8220;1\/3&#8243; css=&#8220;.vc_custom_1576686254391{padding-right: 20px !important;padding-bottom: 0px !important;padding-left: 20px !important;}&#8220;][vc_empty_space][vc_column_text css=&#8220;.vc_custom_1579814896161{margin-top: 0px !important;margin-bottom: 0px !important;padding-top: 10px !important;padding-bottom: 10px !important;background-color: #efe7c9 !important;}&#8220;]\n<h3 style=\"text-align: center;\">PENSION<span id=\"result_box\" class=\"short_text\" lang=\"en\"><\/span><\/h3>\n[\/vc_column_text][vc_single_image image=&#8220;2488&#8243; img_size=&#8220;full&#8220; qode_css_animation=&#8220;&#8220;][vc_empty_space height=&#8220;10px&#8220;][vc_column_text css=&#8220;.vc_custom_1580848088881{margin-right: 10px !important;padding-right: 20px !important;padding-bottom: 20px !important;}&#8220;]Im Herzen von Pretschen finden Sie unsere Pension, das Grundst\u00fcck mit dem separaten Geb\u00e4ude grenzt direkt an das Gasthaus an. Vor einem, auf dem Grundst\u00fcck gelegnen Garten, stehen Ihnen ausreichend G\u00e4steparkpl\u00e4tze zur Verf\u00fcgung.[\/vc_column_text][vc_column_text]\n<h6><a href=\"pension\/\">MEHR<\/a><\/h6>\n[\/vc_column_text][\/vc_column][vc_column width=&#8220;1\/3&#8243; css=&#8220;.vc_custom_1576686261310{padding-right: 20px !important;padding-bottom: 0px !important;padding-left: 20px !important;}&#8220;][vc_empty_space][vc_column_text css=&#8220;.vc_custom_1579814956803{margin-top: 0px !important;margin-bottom: 0px !important;padding-top: 10px !important;padding-bottom: 10px !important;background-color: #efe7c9 !important;}&#8220;]\n<h3 style=\"text-align: center;\">SAUNA<span id=\"result_box\" class=\"short_text\" lang=\"en\"><\/span><\/h3>\n[\/vc_column_text][vc_single_image image=&#8220;2493&#8243; img_size=&#8220;full&#8220; qode_css_animation=&#8220;&#8220;][vc_empty_space height=&#8220;10px&#8220;][vc_column_text css=&#8220;.vc_custom_1580848096409{margin-right: 10px !important;padding-right: 20px !important;padding-bottom: 20px !important;}&#8220;]Lassen Sie es sich gut gehen und sch\u00f6pfen Sie neue Kraft und Energie \u2013 das geht am besten in der Sauna. Saunieren ist gesund, denn es st\u00e4rkt nicht nur ihre Abwehrkr\u00e4fte, sondern dient auch ma\u00dfgeblich zur Entspannung.[\/vc_column_text][vc_column_text]\n<h6><a href=\"home2\/pension\/#pension_sauna\">MEHR<\/a><\/h6>\n[\/vc_column_text][\/vc_column][\/vc_row][vc_row row_type=&#8220;row&#8220; use_row_as_full_screen_section=&#8220;no&#8220; type=&#8220;grid&#8220; angled_section=&#8220;no&#8220; text_align=&#8220;left&#8220; background_image_as_pattern=&#8220;without_pattern&#8220; css_animation=&#8220;&#8220; z_index=&#8220;&#8220; css=&#8220;.vc_custom_1579945442763{background-color: #efe7c9 !important;}&#8220;][vc_column][vc_empty_space height=&#8220;10px&#8220;][vc_column_text css=&#8220;.vc_custom_1579909452343{padding-top: 10px !important;padding-bottom: 10px !important;}&#8220;]\n<h2 style=\"text-align: center;\"><strong>Der Spreewald eine einzigartige Landschaft<\/strong><\/h2>\n[\/vc_column_text][vc_empty_space height=&#8220;10px&#8220;][\/vc_column][\/vc_row][vc_row row_type=&#8220;row&#8220; use_row_as_full_screen_section=&#8220;no&#8220; type=&#8220;grid&#8220; angled_section=&#8220;no&#8220; text_align=&#8220;left&#8220; background_image_as_pattern=&#8220;without_pattern&#8220; css_animation=&#8220;&#8220; z_index=&#8220;&#8220;][vc_column width=&#8220;1\/2&#8243;][vc_empty_space height=&#8220;10px&#8220;][vc_single_image image=&#8220;2562&#8243; img_size=&#8220;full&#8220; qode_css_animation=&#8220;&#8220;][vc_single_image image=&#8220;2567&#8243; img_size=&#8220;full&#8220; qode_css_animation=&#8220;&#8220;][vc_empty_space height=&#8220;20px&#8220;][\/vc_column][vc_column width=&#8220;1\/2&#8243;][vc_empty_space height=&#8220;20px&#8220;][vc_column_text]Die lagunenartige Flusslandschaft des Spreewalds, mit einem Netz aus mehr als 900 Fliegew\u00e4ssern, ist einzigartig in Europa und zieht j\u00e4hrlich viele Besucher an. Bei einer der traditionellen Kahnfahrten lernen Sie das sogenannte \u201el\u00e4ndliche Venedig\u201c n\u00e4her kennen und entdecken die zahlreichen kleinen Inselgeh\u00f6fte. In dessen 200 Jahre alten H\u00e4usern, die durch gro\u00dfe und kleine Wasserstra\u00dfen mit-einander verbunden sind, werden Brauchtum und Handwerkskunst der vergangenen Zeiten wieder lebendig. Wer den Spreewald auf eigene Faust entdecken m\u00f6chte, kann sich ein Kanu mieten oder auf einem der vielen Rad- und Wanderwege wie dem Spreeradweg die Region erkunden. Entdecken Sie zum Beispiel kleine vertr\u00e4umte Waldseen, die zum Baden, Spazieren und Picknicken einladen. Genie\u00dfen Sie ein St\u00fcck Natur und entfliehen Sie der lauten und hektischen Welt f\u00fcr eine Weile. <a title=\"www.spreewald.de\" href=\"http:\/\/www.spreewald.de\" target=\"_blank\" rel=\"noopener noreferrer\">www.spreewald.de<\/a>[\/vc_column_text][vc_column_text css=&#8220;.vc_custom_1580847996286{padding-top: 20px !important;padding-bottom: 20px !important;}&#8220;]\n<h4><a href=\"home2\/test_page\/\">Gehen Sie auf Entdeckungsreise<\/a><\/h4>\n[\/vc_column_text][vc_empty_space height=&#8220;20px&#8220;][\/vc_column][\/vc_row][vc_row row_type=&#8220;row&#8220; use_row_as_full_screen_section=&#8220;no&#8220; type=&#8220;grid&#8220; angled_section=&#8220;no&#8220; text_align=&#8220;left&#8220; background_image_as_pattern=&#8220;without_pattern&#8220; css_animation=&#8220;&#8220; z_index=&#8220;&#8220; css=&#8220;.vc_custom_1579945553241{background-color: #efe7c9 !important;}&#8220;][vc_column][vc_empty_space height=&#8220;10px&#8220;][vc_column_text css=&#8220;.vc_custom_1586272657473{padding-top: 10px !important;padding-bottom: 10px !important;}&#8220;]\n<h2 style=\"text-align: center;\"><strong>Pretschen (Mroscina)\u00a0<\/strong>\u2212 Gemeinde M\u00e4rkische Heide<\/h2>\n[\/vc_column_text][vc_empty_space height=&#8220;10px&#8220;][\/vc_column][\/vc_row][vc_row row_type=&#8220;row&#8220; use_row_as_full_screen_section=&#8220;no&#8220; type=&#8220;grid&#8220; angled_section=&#8220;no&#8220; text_align=&#8220;left&#8220; background_image_as_pattern=&#8220;without_pattern&#8220; css_animation=&#8220;&#8220; z_index=&#8220;&#8220;][vc_column width=&#8220;1\/2&#8243;][vc_empty_space height=&#8220;10px&#8220;][vc_single_image image=&#8220;2573&#8243; img_size=&#8220;full&#8220; qode_css_animation=&#8220;&#8220; css=&#8220;.vc_custom_1579038118459{padding-bottom: 10px !important;}&#8220;][vc_column_text css=&#8220;.vc_custom_1580891913530{padding-top: 10px !important;}&#8220;]\n<h6>Historisches Fachwerkhaus\u00a0im Pretschener Ortskern<\/h6>\n[\/vc_column_text][vc_empty_space height=&#8220;10px&#8220;][\/vc_column][vc_column width=&#8220;1\/2&#8243;][vc_empty_space height=&#8220;10px&#8220;][vc_column_text]Pretschen oder \u201eMroscina\u201c z\u00e4hlt zu den \u00e4ltesten D\u00f6rfern der Niederlausitz. Bewiesen wird dies durch die Schenkungsurkunde von K\u00f6nig Heinrich II an das Kloster Nienburg an der Saale vom 8. Aug. 1004. Pretschen liegt im Unterspreewald, einem Teil des UNESCO-Biosph\u00e4renreservats.\u00a0Seit 2003 geh\u00f6rt der Ort, mit ca. 350 Einwohnern und einer Fl\u00e4che von 1719 Hektar im Landkreis Dahme-Spreewald, zur Gemeinde M\u00e4rkische Heide.<\/p>\n<h4>\u201eUnser Dorf hat Zukunft\u201c<\/h4>\n<p>Bei der Teilnahme am Wettbewerb \u201eUnser Dorf hat Zukunft\u201c des Landkreises Dahme-Spreewald wurde Pretschen 2011 zum Dorf-Wettbewerbs-Sieger gek\u00fcrt. Neben der Gewinner-Urkunde und dem Preisgeld erlangten wir automatisch das Anrecht am Landeswettbewerb teilzunehmen. Seit Oktober 2012 steht Pretschen auch als 8. Landessieger f\u00fcr Brandenburg, im Wettbewerb \u201eUnser Dorf hat Zukunft\u201c 2011\/2012, fest. Im Wettbewerb auf Bundesebene erhielten wir die Silbermedaille.[\/vc_column_text][vc_empty_space height=&#8220;10px&#8220;][\/vc_column][\/vc_row][vc_row row_type=&#8220;row&#8220; use_row_as_full_screen_section=&#8220;no&#8220; type=&#8220;grid&#8220; angled_section=&#8220;no&#8220; text_align=&#8220;left&#8220; background_image_as_pattern=&#8220;without_pattern&#8220; css_animation=&#8220;&#8220; z_index=&#8220;&#8220; css=&#8220;.vc_custom_1579945566428{background-color: #efe7c9 !important;}&#8220;][vc_column width=&#8220;1\/3&#8243;][vc_empty_space height=&#8220;20px&#8220;][vc_single_image image=&#8220;2699&#8243; img_size=&#8220;full&#8220; qode_css_animation=&#8220;&#8220; css=&#8220;.vc_custom_1579814416918{padding-bottom: 10px !important;}&#8220;][vc_column_text]\n<h6>Landessieger 2012<\/h6>\n[\/vc_column_text][vc_empty_space height=&#8220;20px&#8220;][\/vc_column][vc_column width=&#8220;1\/3&#8243;][vc_empty_space height=&#8220;20px&#8220;][vc_single_image image=&#8220;2623&#8243; img_size=&#8220;full&#8220; qode_css_animation=&#8220;&#8220; css=&#8220;.vc_custom_1579814400975{padding-bottom: 10px !important;}&#8220;][vc_column_text css=&#8220;.vc_custom_1579814779625{padding-top: 10px !important;padding-bottom: 10px !important;background-color: #efe7c9 !important;}&#8220;]\n<h6>Maifest in Pretschen<\/h6>\n[\/vc_column_text][vc_empty_space height=&#8220;20px&#8220;][\/vc_column][vc_column width=&#8220;1\/3&#8243;][vc_empty_space height=&#8220;20px&#8220;][vc_single_image image=&#8220;2624&#8243; img_size=&#8220;full&#8220; qode_css_animation=&#8220;&#8220; css=&#8220;.vc_custom_1579814409510{padding-bottom: 10px !important;}&#8220;][vc_column_text css=&#8220;.vc_custom_1579814798676{padding-top: 10px !important;padding-bottom: 10px !important;background-color: #efe7c9 !important;}&#8220;]\n<h6>Bioladen des Landgutes Pretschen<\/h6>\n[\/vc_column_text][vc_empty_space height=&#8220;20px&#8220;][\/vc_column][\/vc_row][vc_row row_type=&#8220;row&#8220; use_row_as_full_screen_section=&#8220;no&#8220; type=&#8220;full_width&#8220; angled_section=&#8220;no&#8220; text_align=&#8220;left&#8220; background_image_as_pattern=&#8220;without_pattern&#8220; css_animation=&#8220;&#8220;][vc_column][vc_empty_space height=&#8220;50px&#8220;][\/vc_column][\/vc_row][vc_row row_type=&#8220;row&#8220; use_row_as_full_screen_section=&#8220;no&#8220; type=&#8220;full_width&#8220; angled_section=&#8220;no&#8220; text_align=&#8220;left&#8220; background_image_as_pattern=&#8220;without_pattern&#8220; css_animation=&#8220;&#8220;][vc_column][vc_column_text]\n<\/div>\n<\/div>\n<\/div>\n<\/div>\n<\/div>\n<\/div>\n<\/div>\n<\/div>\n[\/vc_column_text][\/vc_column][\/vc_row]\n","protected":false},"excerpt":{"rendered":"<p>[vc_row row_type=&#8220;row&#8220; use_row_as_full_screen_section=&#8220;no&#8220; type=&#8220;full_width&#8220; angled_section=&#8220;no&#8220; text_align=&#8220;left&#8220; background_image_as_pattern=&#8220;without_pattern&#8220; css_animation=&#8220;&#8220;][vc_column][vc_column_text] [\/vc_column_text][\/vc_column][\/vc_row][vc_row row_type=&#8220;row&#8220; use_row_as_full_screen_section=&#8220;no&#8220; type=&#8220;full_width&#8220; angled_section=&#8220;no&#8220; text_align=&#8220;left&#8220; background_image_as_pattern=&#8220;without_pattern&#8220; css_animation=&#8220;&#8220; z_index=&#8220;&#8220; background_color=&#8220;#efe7c9&#8243;][vc_column][vc_gallery interval=&#8220;3&#8243; images=&#8220;2559,2693,2695,3022,2694,2697,2551,2560,2655&#8243; img_size=&#8220;full&#8220; onclick=&#8220;&#8220; direction_nav=&#8220;yes&#8220; pause_on_hover=&#8220;yes&#8220;][\/vc_column][\/vc_row][vc_row row_type=&#8220;row&#8220; use_row_as_full_screen_section=&#8220;no&#8220; type=&#8220;grid&#8220; angled_section=&#8220;no&#8220; text_align=&#8220;left&#8220; background_image_as_pattern=&#8220;without_pattern&#8220; css_animation=&#8220;&#8220; css=&#8220;.vc_custom_1608912925502{padding-right: 20px !important;padding-bottom: 10px !important;padding-left: 20px !important;}&#8220; z_index=&#8220;&#8220;][vc_column width=&#8220;1\/4&#8243;][vc_raw_html]JTNDJTIxLS0=[\/vc_raw_html][vc_empty_space][\/vc_column][vc_column width=&#8220;1\/2&#8243;][vc_separator type=&#8220;normal&#8220; color=&#8220;#aeca10&#8243; up=&#8220;0&#8243; down=&#8220;20&#8243;&#8230;<\/p>\n","protected":false},"author":1,"featured_media":0,"parent":0,"menu_order":-1,"comment_status":"closed","ping_status":"closed","template":"full_width.php","meta":{"footnotes":""},"class_list":["post-2156","page","type-page","status-publish","hentry"],"_links":{"self":[{"href":"http:\/\/www.pension-gasthaus-doering.de\/new\/wp-json\/wp\/v2\/pages\/2156","targetHints":{"allow":["GET"]}}],"collection":[{"href":"http:\/\/www.pension-gasthaus-doering.de\/new\/wp-json\/wp\/v2\/pages"}],"about":[{"href":"http:\/\/www.pension-gasthaus-doering.de\/new\/wp-json\/wp\/v2\/types\/page"}],"author":[{"embeddable":true,"href":"http:\/\/www.pension-gasthaus-doering.de\/new\/wp-json\/wp\/v2\/users\/1"}],"replies":[{"embeddable":true,"href":"http:\/\/www.pension-gasthaus-doering.de\/new\/wp-json\/wp\/v2\/comments?post=2156"}],"version-history":[{"count":176,"href":"http:\/\/www.pension-gasthaus-doering.de\/new\/wp-json\/wp\/v2\/pages\/2156\/revisions"}],"predecessor-version":[{"id":3286,"href":"http:\/\/www.pension-gasthaus-doering.de\/new\/wp-json\/wp\/v2\/pages\/2156\/revisions\/3286"}],"wp:attachment":[{"href":"http:\/\/www.pension-gasthaus-doering.de\/new\/wp-json\/wp\/v2\/media?parent=2156"}],"curies":[{"name":"wp","href":"https:\/\/api.w.org\/{rel}","templated":true}]}}